{"id":54,"date":"2025-01-24T12:46:05","date_gmt":"2025-01-24T11:46:05","guid":{"rendered":"https:\/\/kolbensattel-im-sommer.de\/?page_id=54"},"modified":"2025-01-28T10:44:27","modified_gmt":"2025-01-28T09:44:27","slug":"datenschutz","status":"publish","type":"page","link":"https:\/\/kolbensattel-im-sommer.de\/en\/datenschutz\/","title":{"rendered":"Data protection"},"content":{"rendered":"<div data-elementor-type=\"wp-page\" data-elementor-id=\"54\" class=\"elementor elementor-54\">\n\t\t\t\t<div class=\"elementor-element elementor-element-29607e8 e-flex e-con-boxed wpr-particle-no wpr-jarallax-no wpr-parallax-no wpr-sticky-section-no wpr-equal-height-no e-con e-parent\" data-id=\"29607e8\" data-element_type=\"container\" data-e-type=\"container\" data-settings=\"{&quot;_ob_use_container_extras&quot;:&quot;no&quot;,&quot;_ob_column_hoveranimator&quot;:&quot;no&quot;,&quot;_ob_glider_is_slider&quot;:&quot;no&quot;,&quot;_ob_column_has_pseudo&quot;:&quot;no&quot;}\">\n\t\t\t\t\t<div class=\"e-con-inner\">\n\t\t\t\t<div class=\"elementor-element elementor-element-83159e4 ob-harakiri-inherit ob-has-background-overlay elementor-widget elementor-widget-text-editor\" data-id=\"83159e4\" data-element_type=\"widget\" data-e-type=\"widget\" data-settings=\"{&quot;_ob_use_harakiri&quot;:&quot;yes&quot;,&quot;_ob_harakiri_writing_mode&quot;:&quot;inherit&quot;,&quot;_ob_postman_use&quot;:&quot;no&quot;,&quot;_ob_perspektive_use&quot;:&quot;no&quot;,&quot;_ob_poopart_use&quot;:&quot;yes&quot;,&quot;_ob_shadough_use&quot;:&quot;no&quot;,&quot;_ob_allow_hoveranimator&quot;:&quot;no&quot;,&quot;_ob_widget_stalker_use&quot;:&quot;no&quot;}\" data-widget_type=\"text-editor.default\">\n\t\t\t\t<div class=\"elementor-widget-container\">\n\t\t\t\t\t\t\t\t\t<h1>Datenschutzerkl\u00e4rung<\/h1><div><div class=\"datenschutz\"><h2>1. Einleitung<\/h2><p>Mit den folgenden Informationen m\u00f6chten wir Ihnen als &#8222;betroffener Person&#8220; einen \u00dcberblick \u00fcber die Verarbeitung Ihrer personenbezogenen Daten durch uns und Ihre Rechte aus den Datenschutzgesetzen geben. Eine Nutzung unserer Internetseiten ist grunds\u00e4tzlich ohne Eingabe personenbezogener Daten m\u00f6glich. Sofern Sie besondere Services unseres Unternehmens \u00fcber unsere Internetseite in Anspruch nehmen m\u00f6chten, k\u00f6nnte jedoch eine Verarbeitung personenbezogener Daten erforderlich werden. Ist die Verarbeitung personenbezogener Daten erforderlich und besteht f\u00fcr eine solche Verarbeitung keine gesetzliche Grundlage, holen wir generell eine Einwilligung von Ihnen ein.<\/p><p>Die Verarbeitung von personenbezogenen Daten, beispielsweise Ihres Namens, der Anschrift oder E-Mail-Adresse, erfolgt stets im Einklang mit der Datenschutz-Grundverordnung (DS-GVO) und in \u00dcbereinstimmung mit den f\u00fcr die &#8222;AktivArena am Kolben GmbH &amp; Co. KG&#8220; geltenden landesspezifischen Datenschutzbestimmungen. Mittels dieser Datenschutzerkl\u00e4rung m\u00f6chten wir Sie \u00fcber Umfang und Zweck der von uns erhobenen, genutzten und verarbeiteten personenbezogenen Daten informieren.<\/p><p>Wir haben als f\u00fcr die Verarbeitung Verantwortliche zahlreiche technische und organisatorische Ma\u00dfnahmen umgesetzt, um einen m\u00f6glichst l\u00fcckenlosen Schutz der \u00fcber diese Internetseite verarbeiteten personenbezogenen Daten sicherzustellen. Dennoch k\u00f6nnen internetbasierte Daten\u00fcbertragungen grunds\u00e4tzlich Sicherheitsl\u00fccken aufweisen, sodass ein absoluter Schutz nicht gew\u00e4hrleistet werden kann. Aus diesem Grund steht es Ihnen frei, personenbezogene Daten auch auf alternativen Wegen, beispielsweise telefonisch oder per Post, an uns zu \u00fcbermitteln.<\/p><h2>2. Verantwortlicher<\/h2><p>Verantwortlicher im Sinne der DS-GVO ist die:<\/p><p>AktivArena am Kolben GmbH &amp; Co. KG<br \/>c\/o Warbergstra\u00dfe 28, 82487 Oberammergau, Deutschland<\/p><p>Telefon: 088224760<br \/>Telefax: 08822935153<br \/>E-Mail:\u00a0<span id=\"cloak146ba90174bb4327f878277708abee48\"><a href=\"mailto:info@kolbensattel.de\">info@kolbensattel.de<\/a><\/span><\/p><p>Vertreter des Verantwortlichen: Klement Fend<\/p><h2>3. Datenschutzbeauftragter<\/h2><p>Den Datenschutzbeauftragten erreichen Sie wie folgt:<br \/>E-Mail:\u00a0<span id=\"cloak9ffdbf4e8ee386549968882ba27c0d13\"><a href=\"mailto:datenschutz@kolbensattel.de\">datenschutz@kolbensattel.de<\/a><\/span><\/p><p>Sie k\u00f6nnen sich jederzeit bei allen Fragen und Anregungen zum Datenschutz direkt an unseren Datenschutzbeauftragten wenden.<\/p><h2>4. Begriffsbestimmungen<\/h2><p>Die Datenschutzerkl\u00e4rung beruht auf den Begrifflichkeiten, die durch den Europ\u00e4ischen Richtlinien- und Verordnungsgeber beim Erlass der Datenschutz-Grundverordnung (DS-GVO) verwendet wurden. Unsere Datenschutzerkl\u00e4rung soll sowohl f\u00fcr die \u00d6ffentlichkeit als auch f\u00fcr unsere Kunden und Gesch\u00e4ftspartner einfach lesbar und verst\u00e4ndlich sein. Um dies zu gew\u00e4hrleisten, m\u00f6chten wir vorab die verwendeten Begrifflichkeiten erl\u00e4utern.<\/p><p>Wir verwenden in dieser Datenschutzerkl\u00e4rung unter anderem die folgenden Begriffe:<\/p><ol type=\"a\"><li><b>Personenbezogene Daten<\/b><br \/>Personenbezogene Daten sind alle Informationen, die sich auf eine identifizierte oder identifizierbare nat\u00fcrliche Person beziehen. Als identifizierbar wird eine nat\u00fcrliche Person angesehen, die direkt oder indirekt, insbesondere mittels Zuordnung zu einer Kennung wie einem Namen, zu einer Kennnummer, zu Standortdaten, zu einer Online-Kennung oder zu einem oder mehreren besonderen Merkmalen, die Ausdruck der physischen, physiologischen, genetischen, psychischen, wirtschaftlichen, kulturellen oder sozialen Identit\u00e4t dieser nat\u00fcrlichen Person sind, identifiziert werden kann.<\/li><li><b>Betroffene Person<\/b><br \/>Betroffene Person ist jede identifizierte oder identifizierbare nat\u00fcrliche Person, deren personenbezogene Daten von dem f\u00fcr die Verarbeitung Verantwortlichen (unser Unternehmen) verarbeitet werden.<\/li><li><b>Verarbeitung<\/b><br \/>Verarbeitung ist jeder mit oder ohne Hilfe automatisierter Verfahren ausgef\u00fchrte Vorgang oder jede solche Vorgangsreihe im Zusammenhang mit personenbezogenen Daten wie das Erheben, das Erfassen, die Organisation, das Ordnen, die Speicherung, die Anpassung oder Ver\u00e4nderung, das Auslesen, das Abfragen, die Verwendung, die Offenlegung durch \u00dcbermittlung, Verbreitung oder eine andere Form der Bereitstellung, den Abgleich oder die Verkn\u00fcpfung, die Einschr\u00e4nkung, das L\u00f6schen oder die Vernichtung.<\/li><li><b>Einschr\u00e4nkung der Verarbeitung<\/b><br \/>Einschr\u00e4nkung der Verarbeitung ist die Markierung gespeicherter personenbezogener Daten mit dem Ziel, ihre k\u00fcnftige Verarbeitung einzuschr\u00e4nken.<\/li><li><b>Profiling<\/b><br \/>Profiling ist jede Art der automatisierten Verarbeitung personenbezogener Daten, die darin besteht, dass diese personenbezogenen Daten verwendet werden, um bestimmte pers\u00f6nliche Aspekte, die sich auf eine nat\u00fcrliche Person beziehen, zu bewerten, insbesondere, um Aspekte bez\u00fcglich Arbeitsleistung, wirtschaftlicher Lage, Gesundheit, pers\u00f6nlicher Vorlieben, Interessen, Zuverl\u00e4ssigkeit, Verhalten, Aufenthaltsort oder Ortswechsel dieser nat\u00fcrlichen Person zu analysieren oder vorherzusagen.<\/li><li><b>Pseudonymisierung<\/b><br \/>Pseudonymisierung ist die Verarbeitung personenbezogener Daten in einer Weise, auf welche die personenbezogenen Daten ohne Hinzuziehung zus\u00e4tzlicher Informationen nicht mehr einer spezifischen betroffenen Person zugeordnet werden k\u00f6nnen, sofern diese zus\u00e4tzlichen Informationen gesondert aufbewahrt werden und technischen und organisatorischen Ma\u00dfnahmen unterliegen, die gew\u00e4hrleisten, dass die personenbezogenen Daten nicht einer identifizierten oder identifizierbaren nat\u00fcrlichen Person zugewiesen werden.<\/li><li><b>Auftragsverarbeiter<\/b><br \/>Auftragsverarbeiter ist eine nat\u00fcrliche oder juristische Person, Beh\u00f6rde, Einrichtung oder andere Stelle, die personenbezogene Daten im Auftrag des Verantwortlichen verarbeitet.<\/li><li><b>Empf\u00e4nger<\/b><br \/>Empf\u00e4nger ist eine nat\u00fcrliche oder juristische Person, Beh\u00f6rde, Einrichtung oder andere Stelle, der personenbezogene Daten offengelegt werden, unabh\u00e4ngig davon, ob es sich bei ihr um einen Dritten handelt oder nicht. Beh\u00f6rden, die im Rahmen eines bestimmten Untersuchungsauftrags nach dem Unionsrecht oder dem Recht der Mitgliedstaaten m\u00f6glicherweise personenbezogene Daten erhalten, gelten jedoch nicht als Empf\u00e4nger.<\/li><li><b>Dritter<\/b><br \/>Dritter ist eine nat\u00fcrliche oder juristische Person, Beh\u00f6rde, Einrichtung oder andere Stelle au\u00dfer der betroffenen Person, dem Verantwortlichen, dem Auftragsverarbeiter und den Personen, die unter der unmittelbaren Verantwortung des Verantwortlichen oder des Auftragsverarbeiters befugt sind, die personenbezogenen Daten zu verarbeiten.<\/li><li><b>Einwilligung<\/b><br \/>Einwilligung ist jede von der betroffenen Person freiwillig f\u00fcr den bestimmten Fall in informierter Weise und unmissverst\u00e4ndlich abgegebene Willensbekundung in Form einer Erkl\u00e4rung oder einer sonstigen eindeutigen best\u00e4tigenden Handlung, mit der die betroffene Person zu verstehen gibt, dass Sie mit der Verarbeitung der Sie betreffenden personenbezogenen Daten einverstanden ist.<\/li><\/ol><h2>5. Rechtsgrundlage der Verarbeitung<\/h2><p>Art. 6 Abs. 1 lit. a DS-GVO (i.V.m. \u00a7 15 Abs. 3 TMG) dient unserem Unternehmen als Rechtsgrundlage f\u00fcr Verarbeitungsvorg\u00e4nge, bei denen wir eine Einwilligung f\u00fcr einen bestimmten Verarbeitungszweck einholen.<\/p><p>Ist die Verarbeitung personenbezogener Daten zur Erf\u00fcllung eines Vertrags, dessen Vertragspartei Sie sind, erforderlich, wie dies beispielsweise bei Verarbeitungsvorg\u00e4ngen der Fall ist, die f\u00fcr eine Lieferung von Waren oder die Erbringung einer sonstigen Leistung oder Gegenleistung notwendig sind, so beruht die Verarbeitung auf Art. 6 Abs. 1 lit. b DS-GVO. Gleiches gilt f\u00fcr solche Verarbeitungsvorg\u00e4nge die zur Durchf\u00fchrung vorvertraglicher Ma\u00dfnahmen erforderlich sind, etwa in F\u00e4llen von Anfragen zu unseren Produkten oder Leistungen.<\/p><p>Unterliegt unser Unternehmen einer rechtlichen Verpflichtung durch welche eine Verarbeitung von personenbezogenen Daten erforderlich wird, wie beispielsweise zur Erf\u00fcllung steuerlicher Pflichten, so basiert die Verarbeitung auf Art. 6 Abs. 1 lit. c DS-GVO.<\/p><p>In seltenen F\u00e4llen k\u00f6nnte die Verarbeitung von personenbezogenen Daten erforderlich werden, um lebenswichtige Interessen der betroffenen Person oder einer anderen nat\u00fcrlichen Person zu sch\u00fctzen. Dies w\u00e4re beispielsweise der Fall, wenn ein Besucher in unserem Betrieb verletzt werden w\u00fcrde und daraufhin sein Name, sein Alter, seine Krankenkassendaten oder sonstige lebenswichtige Informationen an einen Arzt, ein Krankenhaus oder sonstige Dritte weitergegeben werden m\u00fcssten. Dann w\u00fcrde die Verarbeitung auf Art. 6 Abs. 1 lit. d DS-GVO beruhen.<\/p><p>Letztlich k\u00f6nnten Verarbeitungsvorg\u00e4nge auf Art. 6 Abs. 1 lit. f DS-GVO beruhen. Auf dieser Rechtsgrundlage basieren Verarbeitungsvorg\u00e4nge, die von keiner der vorgenannten Rechtsgrundlagen erfasst werden, wenn die Verarbeitung zur Wahrung eines berechtigten Interesses unseres Unternehmens oder eines Dritten erforderlich ist, sofern die Interessen, Grundrechte und Grundfreiheiten des Betroffenen nicht \u00fcberwiegen. Solche Verarbeitungsvorg\u00e4nge sind uns insbesondere deshalb gestattet, weil sie durch den Europ\u00e4ischen Gesetzgeber besonders erw\u00e4hnt wurden. Er vertrat insoweit die Auffassung, dass ein berechtigtes Interesse anzunehmen sein k\u00f6nnte, wenn Sie ein Kunde unseres Unternehmens sind (Erw\u00e4gungsgrund 47 Satz 2 DS-GVO).<\/p><h2>6 \u00dcbermittlung von Daten an Dritte<\/h2><p>Eine \u00dcbermittlung Ihrer pers\u00f6nlichen Daten an Dritte zu anderen als den im Folgenden aufgef\u00fchrten Zwecken findet nicht statt.<\/p><p>Wir geben Ihre pers\u00f6nlichen Daten nur an Dritte weiter, wenn:<\/p><ol><li>Sie Ihre nach Art. 6 Abs. 1 S. 1 lit. a DS-GVO ausdr\u00fcckliche Einwilligung dazu erteilt haben,<\/li><li>die Weitergabe nach Art. 6 Abs. 1 S. 1 lit. f DS-GVO zur Wahrung unserer berechtigten Interessen zul\u00e4ssig ist und kein Grund zur Annahme besteht, dass Sie ein \u00fcberwiegendes schutzw\u00fcrdiges Interesse an der Nichtweitergabe Ihrer Daten haben,<\/li><li>f\u00fcr den Fall, dass f\u00fcr die Weitergabe nach Art. 6 Abs. 1 S. 1 lit. c DS-GVO eine gesetzliche Verpflichtung besteht, sowie<\/li><li>dies gesetzlich zul\u00e4ssig und nach Art. 6 Abs. 1 S. 1 lit. b DS-GVO f\u00fcr die Abwicklung von Vertragsverh\u00e4ltnissen mit Ihnen erforderlich ist.<\/li><\/ol><p>Um Ihre Daten zu sch\u00fctzen und uns gegebenenfalls eine Daten\u00fcbermittlung in Drittl\u00e4nder (au\u00dferhalb der EU\/des EWR)zu erm\u00f6glichen, haben wir Vereinbarungen zur Auftragsverarbeitung auf Grundlage der Standardvertragsklauseln der Europ\u00e4ischen Kommission abgeschlossen.\u00a0<\/p><h2>6.1 Fotoservice \/ cardcam.de<\/h2><p>Zum Abruf der auf den Fahrten des Alpin Coaster erstellten Bilder \u00fcber unsere Webseite stellen wir auf dieser Webseite eine Verbindung zu Servern der codeweb FKR Marketing GmbH Dettenbachstr. 1 79183 Waldkirch her. Die Rechtsgrundlage daf\u00fcr ist das berechtigte Interesse (gem\u00e4\u00df Art. 6 Abs. 1 lit. f DSGVO) des Besuchers unserer Webseite bzw. Nutzer des Alpin Coaster in unserem Familien-Freizeitgebiet zum online Abruf ihrer Fotos. Alle erstellten Fotos werden in der cardcam Datenbank durch den Dienstleister direkt abgespeichert. So sind Fotos sofort verf\u00fcgbar bevor diese innerhalb von 24 Stunden automatisiert gel\u00f6scht werden. Ein Abruf der entsprechenden Bilder erfolgt von den Servern der codeweb FKR Marketing GmbH. Bei Aufruf der erw\u00e4hnten Inhalte speichert der Webserver automatisch ein sogenanntes Server-Logfile, das z.B. Zeitpunkt des Zugriffs, IP-Adresse (Zugriffsdaten), Befehl des Seitenaufrufs, Seite, von der aus der Aufruf erfolgt, Browserinformationen wie Typ und Version. Diese Zugriffsdaten werden nicht ausgewertet und sp\u00e4testens sieben Tagen nach Ende Ihres Seitenbesuchs automatisch \u00fcberschrieben. Weitere personenbezogene Daten werden nicht an an die codeweb FKR Marketing GmbH \u00fcbertragen.<\/p><h2>6.2 Outdooractive<\/h2><p>Zur Darstellung von online verf\u00fcgbaren Wanderkarten rund um den Kolbensattel binden wir auf dieser Website Daten und Bilder der Outdooractive GmbH Missener Stra\u00dfe 18 87509 Immenstadt ein. Die Rechtsgrundlage daf\u00fcr ist das berechtigte Interesse (gem\u00e4\u00df Art. 6 Abs. 1 lit. f DSGVO) des Besuchers unserer Webseite bzw. unseres Familien-Freizeitgebiets an aktuellen und korrekten Wanderkarten und -informationen. Alle Wanderkarten werden in der Outdooractive Datenbank durch den Anbieter direkt eingetragen. So sind aktuelle Karten, Beschreibungen und \u00c4nderungen sofort verf\u00fcgbar. Der Abruf der entsprechenden Informationen (Bilder, Grafiken) erfolgt von den Servern der Outdooractive GmbH. Bei Aufruf der erw\u00e4hnten Inhalte speichert der Webserver automatisch ein sogenanntes Server-Logfile, das z.B. Zeitpunkt des Zugriffs, IP-Adresse (Zugriffsdaten), Befehl des Seitenaufrufs, Seite, von der aus der Aufruf erfolgt, Browserinformationen wie Typ und Version. Diese Zugriffsdaten werden nicht ausgewertet und sp\u00e4testens 14 Tagen nach Ende Ihres Seitenbesuchs automatisch \u00fcberschrieben. Weitere personenbezogene Daten werden nicht an an die Outdooractive GmbH \u00fcbertragen oder durch diese verarbeitet.<\/p><h2>7 Technik<\/h2><h3>7.1 SSL\/TLS-Verschl\u00fcsselung<\/h3><p>Diese Seite nutzt zur Gew\u00e4hrleistung der Sicherheit der Datenverarbeitung und zum Schutz der \u00dcbertragung vertraulicher Inhalte, wie zum Beispiel Bestellungen, Login-Daten oder Kontaktanfragen, die Sie an uns als Betreiber senden, eine SSL-bzw. TLS-Verschl\u00fcsselung. Eine verschl\u00fcsselte Verbindung erkennen Sie daran, dass in der Adresszeile des Browsers statt einem &#8222;http:\/\/&#8220; ein &#8222;https:\/\/&#8220; steht und an dem Schloss-Symbol in Ihrer Browserzeile.<br \/>Wir setzen diese Technologie ein, um Ihre \u00fcbermittelten Daten zu sch\u00fctzen.<\/p><h3>7.2 Datenerfassung beim Besuch der Internetseite<\/h3><p>Bei der lediglich informatorischen Nutzung unserer Website, also wenn Sie sich nicht registrieren oder uns anderweitig Informationen \u00fcbermitteln, erheben wir nur solche Daten, die Ihr Browser an unseren Server \u00fcbermittelt (in sog. &#8222;Server-Logfiles&#8220;). Unsere Internetseite erfasst mit jedem Aufruf einer Seite durch Sie oder ein automatisiertes System eine Reihe von allgemeinen Daten und Informationen. Diese allgemeinen Daten und Informationen werden in den Logfiles des Servers gespeichert. Erfasst werden k\u00f6nnen die<\/p><ol><li>verwendeten Browsertypen und Versionen,<\/li><li>das vom zugreifenden System verwendete Betriebssystem<\/li><li>die Internetseite, von welcher ein zugreifendes System auf unsere Internetseite gelangt (sogenannte Referrer),<\/li><li>die Unterwebseiten, welche \u00fcber ein zugreifendes System auf unserer Internetseite angesteuert werden,<\/li><li>das Datum und die Uhrzeit eines Zugriffs auf die Internetseite,<\/li><li>eine Internet-Protokoll-Adresse (IP-Adresse),<\/li><li>der Internet-Service-Provider des zugreifenden Systems.<\/li><\/ol><p>Bei der Nutzung dieser allgemeinen Daten und Informationen ziehen wir keine R\u00fcckschl\u00fcsse auf Ihre Person. Diese Informationen werden vielmehr ben\u00f6tigt, um<\/p><ol><li>die Inhalte unserer Internetseite korrekt auszuliefern,<\/li><li>die Inhalte unserer Internetseite sowie die Werbung f\u00fcr diese zu optimieren,<\/li><li>die dauerhafte Funktionsf\u00e4higkeit unserer IT-Systeme und der Technik unserer Internetseite zu gew\u00e4hrleisten sowie<\/li><li>um Strafverfolgungsbeh\u00f6rden im Falle eines Cyberangriffes die zur Strafverfolgung notwendigen Informationen bereitzustellen.<\/li><\/ol><p>Diese erhobenen Daten und Informationen werden durch uns daher einerseits statistisch und ferner mit dem Ziel ausgewertet, den Datenschutz und die Datensicherheit in unserem Unternehmen zu erh\u00f6hen, um letztlich ein optimales Schutzniveau f\u00fcr die von uns verarbeiteten personenbezogenen Daten sicherzustellen. Die Daten der Server-Logfiles werden getrennt von allen durch eine betroffene Person angegebenen personenbezogenen Daten gespeichert.<\/p><p>Die Rechtsgrundlage f\u00fcr die Datenverarbeitung ist Art. 6 Abs. 1 S. 1 lit. f DS-GVO. Unser berechtigtes Interesse folgt aus oben aufgelisteten Zwecken zur Datenerhebung.<\/p><h2>8 Cookies<\/h2><h3>8.1 Allgemeines zu Cookies<\/h3><p>Wir setzen auf unserer Internetseite Cookies ein. Hierbei handelt es sich um kleine Dateien, die Ihr Browser automatisch erstellt und die auf Ihrem IT-System (Laptop, Tablet, Smartphone o.\u00e4.) gespeichert werden, wenn Sie unsere Seite besuchen.<\/p><p>In dem Cookie werden Informationen abgelegt, die sich jeweils im Zusammenhang mit dem spezifisch eingesetzten Endger\u00e4t ergeben. Dies bedeutet jedoch nicht, dass wir dadurch unmittelbar Kenntnis von Ihrer Identit\u00e4t erhalten.<\/p><p>Der Einsatz von Cookies dient einerseits dazu, die Nutzung unseres Angebots f\u00fcr Sie angenehmer zu gestalten. So setzen wir sogenannte Session-Cookies ein, um zu erkennen, dass Sie einzelne Seiten unserer Website bereits besucht haben. Diese werden nach Verlassen unserer Seite automatisch gel\u00f6scht.<\/p><p>Dar\u00fcber hinaus setzen wir ebenfalls zur Optimierung der Benutzerfreundlichkeit tempor\u00e4re Cookies ein, die f\u00fcr einen bestimmten festgelegten Zeitraum auf Ihrem Endger\u00e4t gespeichert werden. Besuchen Sie unsere Seite erneut, um unsere Dienste in Anspruch zu nehmen, wird automatisch erkannt, dass Sie bereits bei uns waren und welche Eingaben und Einstellungen Sie get\u00e4tigt haben, um diese nicht noch einmal eingeben zu m\u00fcssen.<\/p><p>Zum anderen setzten wir Cookies ein, um die Nutzung unserer Website statistisch zu erfassen und zum Zwecke der Optimierung unseres Angebotes f\u00fcr Sie auszuwerten. Diese Cookies erm\u00f6glichen es uns, bei einem erneuten Besuch unserer Seite automatisch zu erkennen, dass Sie bereits bei uns waren. Diese Cookies werden nach einer jeweils definierten Zeit automatisch gel\u00f6scht.<\/p><h2>9 Inhalte unserer Internetseite<\/h2><h3>9.1 Kontaktaufnahme \/ Kontaktformular<\/h3><p>Im Rahmen der Kontaktaufnahme mit uns (z.B. per Kontaktformular oder E-Mail) werden personenbezogene Daten erhoben. Welche Daten im Falle eines Kontaktformulars erhoben werden, ist aus dem jeweiligen Kontaktformular ersichtlich. Diese Daten werden ausschlie\u00dflich zum Zweck der Beantwortung Ihres Anliegens bzw. f\u00fcr die Kontaktaufnahme und die damit verbundene technische Administration gespeichert und verwendet. Rechtsgrundlage f\u00fcr die Verarbeitung der Daten ist unser berechtigtes Interesse an der Beantwortung Ihres Anliegens gem\u00e4\u00df Art. 6 Abs. 1 lit. f DS-GVO. Zielt Ihre Kontaktierung auf den Abschluss eines Vertrages ab, so ist zus\u00e4tzliche Rechtsgrundlage f\u00fcr die Verarbeitung Art. 6 Abs. 1 lit. b DS-GVO. Ihre Daten werden nach abschlie\u00dfender Bearbeitung Ihrer Anfrage gel\u00f6scht, dies ist der Fall, wenn sich aus den Umst\u00e4nden entnehmen l\u00e4sst, dass der betroffene Sachverhalt abschlie\u00dfend gekl\u00e4rt ist und sofern keine gesetzlichen Aufbewahrungspflichten entgegenstehen.<\/p><h2>10 Unsere Aktivit\u00e4ten in sozialen Netzwerken<\/h2><p>Damit wir auch in sozialen Netzwerken mit Ihnen kommunizieren und \u00fcber unsere Leistungen informieren k\u00f6nnen, sind wir dort mit eigenen Seiten vertreten. Wenn Sie eine unserer Social Media Seiten besuchen, sind wir hinsichtlich der dadurch ausgel\u00f6sten Verarbeitungsvorg\u00e4nge, welche personenbezogene Daten betreffen, mit dem Anbieter der jeweiligen Social-Media-Plattform gemeinsam verantwortlich im Sinne des Art. 26 DS-GVO.<\/p><p>Wir sind dabei nicht der origin\u00e4re Anbieter dieser Seiten, sondern nutzen diese lediglich im Rahmen der uns gebotenen M\u00f6glichkeiten der jeweiligen Anbieter. Daher weisen wir vorsorglich darauf hin, dass Ihre Daten m\u00f6glicherweise auch au\u00dferhalb der Europ\u00e4ischen Union bzw. des Europ\u00e4ischen Wirtschaftsraumes verarbeitet werden. Eine Nutzung kann daher Datenschutzrisiken f\u00fcr Sie haben, da die Wahrung Ihrer Rechte z.B. auf Auskunft, L\u00f6schung, Widerspruch, etc. erschwert sein kann und die Verarbeitung in den sozialen Netzwerken h\u00e4ufig direkt zu Werbezwecken oder zur Analyse des Nutzerverhaltens durch die Anbieter erfolgt, ohne dass dies durch uns beeinflusst werden kann. Werden durch den Anbieter Nutzungsprofile angelegt, werden dabei h\u00e4ufig Cookies eingesetzt bzw. das Nutzungsverhalten direkt Ihrem eigenen Mitgliedprofil der sozialen Netzwerke zugeordnet (sofern Sie hier eingeloggt sind).<\/p><p>Die beschriebenen Verarbeitungsvorg\u00e4nge personenbezogener Daten erfolgen gem\u00e4\u00df Art. 6 Abs. 1 lit. f DS-GVO auf Basis u\u00ac\u00acnseres berechtigten Interesses und des berechtigten Interesses des jeweiligen Anbieters, um mit Ihnen in einer zeitgem\u00e4\u00dfen Art und Weise kommunizieren bzw. Sie \u00fcber unsere Leistungen informieren zu k\u00f6nnen. M\u00fcssen Sie bei den jeweiligen Anbietern eine Einwilligung zur Datenverarbeitung als Nutzer abgeben, bezieht sich die Rechtsgrundlage auf Art. 6 Abs. 1 lit. a DS-GVO i.V.m. Art. 7 DS-GVO.<br \/>Da wir keine Zugriffe auf die Datenbest\u00e4nde der Anbieter haben, weisen wir darauf hin, dass Sie Ihre Rechte (z.B. auf Auskunft, Berichtigung, L\u00f6schung, etc.) am besten direkt bei dem jeweiligen Anbieter gelten machen. Weiterf\u00fchrende Informationen zur Verarbeitung Ihrer Daten in den sozialen Netzwerken und der M\u00f6glichkeit von Ihrem Widerspruchs- bzw. Widerrufsrecht (sog. Opt-Out) gebrauch zu machen, haben wir nachfolgend bei dem jeweiligen von uns eingesetzten Anbieter sozialer Netzwerke aufgef\u00fchrt:<\/p><h3>10.1 Facebook<\/h3><p>(Mit-) Verantwortlicher f\u00fcr die Datenverarbeitung in Europa:<br \/>Meta Platforms Ireland Ltd., 4 Grand Canal Square, Grand Canal Harbour, Dublin 2, Irland<br \/>Datenschutzerkl\u00e4rung (Datenrichtlinie):<br \/>https:\/\/www.facebook.com\/about\/privacy<br \/>Opt-Out und Werbeeinstellungen:<br \/>https:\/\/www.facebook.com\/ads\/preferences\/?entry_product=ad_settings_screen<br \/>https:\/\/de-de.facebook.com\/about\/privacy\/<\/p><h3>10.2 Instagram<\/h3><p>(Mit-) Verantwortlicher f\u00fcr die Datenverarbeitung in Deutschland:<br \/>Meta Platforms Ireland Ltd., 4 Grand Canal Square, Grand Canal Harbour, Dublin 2, Irland<br \/>Datenschutzerkl\u00e4rung (Datenrichtlinie):<br \/>http:\/\/instagram.com\/legal\/privacy\/<br \/>Opt-Out und Werbeeinstellungen:<br \/>https:\/\/www.instagram.com\/accounts\/privacy_and_security\/<\/p><h2>11 Ihre Rechte als betroffene Person<\/h2><h3>11.1 Recht auf Best\u00e4tigung<\/h3><p>Sie haben das Recht, von uns eine Best\u00e4tigung dar\u00fcber zu verlangen, ob Sie betreffende personenbezogene Daten verarbeitet werden.<\/p><h3>11.2 Recht auf Auskunft Art. 15 DS-GVO<\/h3><p>Sie haben das Recht, jederzeit von uns unentgeltliche Auskunft \u00fcber die zu Ihrer Person gespeicherten personenbezogenen Daten sowie eine Kopie dieser Daten nach Ma\u00dfgabe der gesetzlichen Bestimmungen zu erhalten.\/p&gt;<\/p><h3>11.3 Recht auf Berichtigung Art. 16 DS-GVO<\/h3><p>Sie haben das Recht, die Berichtigung Sie betreffender unrichtiger personenbezogener Daten zu verlangen. Ferner steht Ihnen das Recht zu, unter Ber\u00fccksichtigung der Zwecke der Verarbeitung, die Vervollst\u00e4ndigung unvollst\u00e4ndiger personenbezogener Daten zu verlangen.<\/p><h3>11.4 L\u00f6schung Art. 17 DS-GVO<\/h3><p>Sie haben das Recht, von uns zu verlangen, dass die Sie betreffenden personenbezogenen Daten unverz\u00fcglich gel\u00f6scht werden, sofern einer der gesetzlich vorgesehenen Gr\u00fcnde zutrifft und soweit die Verarbeitung bzw. Speicherung nicht erforderlich ist.<\/p><h3>11.5 Einschr\u00e4nkung der Verarbeitung Art. 18 DS-GVO<\/h3><p>Sie haben das Recht, von uns die Einschr\u00e4nkung der Verarbeitung zu verlangen, wenn eine der gesetzlichen Voraussetzungen gegeben ist.<\/p><h3>11.6 Daten\u00fcbertragbarkeit Art. 20 DS-GVO<\/h3><p>Sie haben das Recht, die Sie betreffenden personenbezogenen Daten, welche uns durch Sie bereitgestellt wurden, in einem strukturierten, g\u00e4ngigen und maschinenlesbaren Format zu erhalten. Sie haben au\u00dferdem das Recht, diese Daten einem anderen Verantwortlichen ohne Behinderung durch uns, dem die personenbezogenen Daten bereitgestellt wurden, zu \u00fcbermitteln, sofern die Verarbeitung auf der Einwilligung gem\u00e4\u00df Art. 6 Abs. 1 lit. a DS-GVO oder Art. 9 Abs. 2 lit. a DS-GVO oder auf einem Vertrag gem\u00e4\u00df Art. 6 Abs. 1 lit. b DS-GVO beruht und die Verarbeitung mithilfe automatisierter Verfahren erfolgt, sofern die Verarbeitung nicht f\u00fcr die Wahrnehmung einer Aufgabe erforderlich ist, die im \u00f6ffentlichen Interesse liegt oder in Aus\u00fcbung \u00f6ffentlicher Gewalt erfolgt, welche uns \u00fcbertragen wurde.<\/p><p>Ferner haben Sie bei der Aus\u00fcbung Ihres Rechts auf Daten\u00fcbertragbarkeit gem\u00e4\u00df Art. 20 Abs. 1 DS-GVO das Recht, zu erwirken, dass die personenbezogenen Daten direkt von einem Verantwortlichen an einen anderen Verantwortlichen \u00fcbermittelt werden, soweit dies technisch machbar ist und sofern hiervon nicht die Rechte und Freiheiten anderer Personen beeintr\u00e4chtigt werden.<\/p><div><h3>11.7 Widerspruch Art. 21 DS-GVO<\/h3><p>Sie haben das Recht, aus Gr\u00fcnden, die sich aus Ihrer besonderen Situation ergeben, jederzeit gegen die Verarbeitung Sie betreffender personenbezogener Daten, die aufgrund von Art. 6 Abs. 1 lit. e (Datenverarbeitung im \u00f6ffentlichen Interesse) oder f (Datenverarbeitung auf Grundlage einer Interessenabw\u00e4gung) DS-GVO erfolgt, Widerspruch einzulegen.<\/p><p>Dies gilt auch f\u00fcr ein auf diese Bestimmungen gest\u00fctztes Profiling im Sinne von Art. 4 Nr. 4 DS-GVO.<\/p><p>Legen Sie Widerspruch ein, werden wir Ihre personenbezogenen Daten nicht mehr verarbeiten, es sei denn, wir k\u00f6nnen zwingende berechtigte Gr\u00fcnde f\u00fcr die Verarbeitung nachweisen, die Ihre Interessen, Rechte und Freiheiten \u00fcberwiegen, oder die Verarbeitung dient der Geltendmachung, Aus\u00fcbung oder Verteidigung von Rechtsanspr\u00fcchen.<\/p><p>In Einzelf\u00e4llen verarbeiten wir personenbezogene Daten, um Direktwerbung zu betreiben. Sie k\u00f6nnen jederzeit Widerspruch gegen die Verarbeitung der personenbezogenen Daten zum Zwecke derartiger Werbung einlegen. Dies gilt auch f\u00fcr das Profiling, soweit es mit solcher Direktwerbung in Verbindung steht. Widersprechen Sie gegen\u00fcber uns der Verarbeitung f\u00fcr Zwecke der Direktwerbung, so werden wir die personenbezogenen Daten nicht mehr f\u00fcr diese Zwecke verarbeiten.<\/p><p>Zudem haben Sie das Recht, aus Gr\u00fcnden, die sich aus Ihrer besonderen Situation ergeben, gegen die Sie betreffende Verarbeitung personenbezogener Daten, die bei uns zu wissenschaftlichen oder historischen Forschungszwecken oder zu statistischen Zwecken gem\u00e4\u00df Art. 89 Abs. 1 DS-GVO erfolgen, Widerspruch einzulegen, es sei denn, eine solche Verarbeitung ist zur Erf\u00fcllung einer im \u00f6ffentlichen Interesse liegenden Aufgabe erforderlich.<\/p><p>Ihnen steht es frei, im Zusammenhang mit der Nutzung von Diensten der Informationsgesellschaft, ungeachtet der Richtlinie 2002\/58\/EG, Ihr Widerspruchsrecht mittels automatisierter Verfahren auszu\u00fcben, bei denen technische Spezifikationen verwendet werden.<\/p><\/div><h3>11.8 Widerruf einer datenschutzrechtlichen Einwilligung<\/h3><p>Sie haben das Recht, eine Einwilligung zur Verarbeitung personenbezogener Daten jederzeit mit Wirkung f\u00fcr die Zukunft zu widerrufen.<\/p><h3>11.9 Beschwerde bei einer Aufsichtsbeh\u00f6rde<\/h3><p>Sie haben das Recht, sich bei einer f\u00fcr Datenschutz zust\u00e4ndigen Aufsichtsbeh\u00f6rde \u00fcber unsere Verarbeitung personenbezogener Daten zu beschweren.<\/p><h2>12 Routinem\u00e4\u00dfige Speicherung, L\u00f6schung und Sperrung von personenbezogenen Daten<\/h2><p>Wir verarbeiten und speichern Ihre personenbezogenen Daten nur f\u00fcr den Zeitraum, der zur Erreichung des Speicherungszwecks erforderlich ist oder sofern dies durch die Rechtsvorschriften, welchen unser Unternehmen unterliegt, vorgesehen wurde.<\/p><p>Entf\u00e4llt der Speicherungszweck oder l\u00e4uft eine vorgeschriebene Speicherfrist ab, werden die personenbezogenen Daten routinem\u00e4\u00dfig und entsprechend den gesetzlichen Vorschriften gesperrt oder gel\u00f6scht.<\/p><h2>13 Dauer der Speicherung von personenbezogenen Daten<\/h2><p>Das Kriterium f\u00fcr die Dauer der Speicherung von personenbezogenen Daten ist die jeweilige gesetzliche Aufbewahrungsfrist. Nach Ablauf der Frist werden die entsprechenden Daten routinem\u00e4\u00dfig gel\u00f6scht, sofern sie nicht mehr zur Vertragserf\u00fcllung oder Vertragsanbahnung erforderlich sind.<\/p><h2>14 Aktualit\u00e4t und \u00c4nderung der Datenschutzerkl\u00e4rung<\/h2><p>Diese Datenschutzerkl\u00e4rung ist aktuell g\u00fcltig und hat den Stand: September 2020.<\/p><p>Durch die Weiterentwicklung unserer Internetseiten und Angebote oder aufgrund ge\u00e4nderter gesetzlicher beziehungsweise beh\u00f6rdlicher Vorgaben kann es notwendig werden, diese Datenschutzerkl\u00e4rung zu \u00e4ndern. Die jeweils aktuelle Datenschutzerkl\u00e4rung kann jederzeit auf der Website unter &#8222;https:\/\/www.kolbensattel.de\/datenschutz&#8220; von Ihnen abgerufen und ausgedruckt werden.<\/p><\/div><\/div>\t\t\t\t\t\t\t\t<\/div>\n\t\t\t\t<\/div>\n\t\t\t\t\t<\/div>\n\t\t\t\t<\/div>\n\t\t\t\t<\/div>","protected":false},"excerpt":{"rendered":"<p>Datenschutzerkl\u00e4rung 1. Einleitung Mit den folgenden Informationen m\u00f6chten wir Ihnen als &#8222;betroffener Person&#8220; einen \u00dcberblick \u00fcber die Verarbeitung Ihrer personenbezogenen Daten durch uns und Ihre Rechte aus den Datenschutzgesetzen geben. Eine Nutzung unserer Internetseiten ist grunds\u00e4tzlich ohne Eingabe personenbezogener Daten m\u00f6glich. Sofern Sie besondere Services unseres Unternehmens \u00fcber unsere Internetseite in Anspruch nehmen m\u00f6chten, k\u00f6nnte jedoch eine Verarbeitung personenbezogener Daten erforderlich werden. Ist die Verarbeitung personenbezogener Daten erforderlich und besteht f\u00fcr eine solche Verarbeitung keine gesetzliche Grundlage, holen wir generell eine Einwilligung von Ihnen ein. Die Verarbeitung von personenbezogenen Daten, beispielsweise Ihres Namens, der Anschrift oder E-Mail-Adresse, erfolgt stets im Einklang mit der Datenschutz-Grundverordnung (DS-GVO) und in \u00dcbereinstimmung mit den f\u00fcr die &#8222;AktivArena am Kolben GmbH &amp; Co. KG&#8220; geltenden landesspezifischen Datenschutzbestimmungen. Mittels dieser Datenschutzerkl\u00e4rung m\u00f6chten wir Sie \u00fcber Umfang und Zweck der von uns erhobenen, genutzten und verarbeiteten personenbezogenen Daten informieren. Wir haben als f\u00fcr die Verarbeitung Verantwortliche zahlreiche technische und organisatorische Ma\u00dfnahmen umgesetzt, um einen m\u00f6glichst l\u00fcckenlosen Schutz der \u00fcber diese Internetseite verarbeiteten personenbezogenen Daten sicherzustellen. Dennoch k\u00f6nnen internetbasierte Daten\u00fcbertragungen grunds\u00e4tzlich Sicherheitsl\u00fccken aufweisen, sodass ein absoluter Schutz nicht gew\u00e4hrleistet werden kann. Aus diesem Grund steht es Ihnen frei, personenbezogene Daten auch auf alternativen Wegen, beispielsweise telefonisch oder per Post, an uns zu \u00fcbermitteln. 2. Verantwortlicher Verantwortlicher im Sinne der DS-GVO ist die: AktivArena am Kolben GmbH &amp; Co. KGc\/o Warbergstra\u00dfe 28, 82487 Oberammergau, Deutschland Telefon: 088224760Telefax: 08822935153E-Mail:\u00a0info@kolbensattel.de Vertreter des Verantwortlichen: Klement Fend 3. Datenschutzbeauftragter Den Datenschutzbeauftragten erreichen Sie wie folgt:E-Mail:\u00a0datenschutz@kolbensattel.de Sie k\u00f6nnen sich jederzeit bei allen Fragen und Anregungen zum Datenschutz direkt an unseren Datenschutzbeauftragten wenden. 4. Begriffsbestimmungen Die Datenschutzerkl\u00e4rung beruht auf den Begrifflichkeiten, die durch den Europ\u00e4ischen Richtlinien- und Verordnungsgeber beim Erlass der Datenschutz-Grundverordnung (DS-GVO) verwendet wurden. Unsere Datenschutzerkl\u00e4rung soll sowohl f\u00fcr die \u00d6ffentlichkeit als auch f\u00fcr unsere Kunden und Gesch\u00e4ftspartner einfach lesbar und verst\u00e4ndlich sein. Um dies zu gew\u00e4hrleisten, m\u00f6chten wir vorab die verwendeten Begrifflichkeiten erl\u00e4utern. Wir verwenden in dieser Datenschutzerkl\u00e4rung unter anderem die folgenden Begriffe: Personenbezogene DatenPersonenbezogene Daten sind alle Informationen, die sich auf eine identifizierte oder identifizierbare nat\u00fcrliche Person beziehen. Als identifizierbar wird eine nat\u00fcrliche Person angesehen, die direkt oder indirekt, insbesondere mittels Zuordnung zu einer Kennung wie einem Namen, zu einer Kennnummer, zu Standortdaten, zu einer Online-Kennung oder zu einem oder mehreren besonderen Merkmalen, die Ausdruck der physischen, physiologischen, genetischen, psychischen, wirtschaftlichen, kulturellen oder sozialen Identit\u00e4t dieser nat\u00fcrlichen Person sind, identifiziert werden kann. Betroffene PersonBetroffene Person ist jede identifizierte oder identifizierbare nat\u00fcrliche Person, deren personenbezogene Daten von dem f\u00fcr die Verarbeitung Verantwortlichen (unser Unternehmen) verarbeitet werden. VerarbeitungVerarbeitung ist jeder mit oder ohne Hilfe automatisierter Verfahren ausgef\u00fchrte Vorgang oder jede solche Vorgangsreihe im Zusammenhang mit personenbezogenen Daten wie das Erheben, das Erfassen, die Organisation, das Ordnen, die Speicherung, die Anpassung oder Ver\u00e4nderung, das Auslesen, das Abfragen, die Verwendung, die Offenlegung durch \u00dcbermittlung, Verbreitung oder eine andere Form der Bereitstellung, den Abgleich oder die Verkn\u00fcpfung, die Einschr\u00e4nkung, das L\u00f6schen oder die Vernichtung. Einschr\u00e4nkung der VerarbeitungEinschr\u00e4nkung der Verarbeitung ist die Markierung gespeicherter personenbezogener Daten mit dem Ziel, ihre k\u00fcnftige Verarbeitung einzuschr\u00e4nken. ProfilingProfiling ist jede Art der automatisierten Verarbeitung personenbezogener Daten, die darin besteht, dass diese personenbezogenen Daten verwendet werden, um bestimmte pers\u00f6nliche Aspekte, die sich auf eine nat\u00fcrliche Person beziehen, zu bewerten, insbesondere, um Aspekte bez\u00fcglich Arbeitsleistung, wirtschaftlicher Lage, Gesundheit, pers\u00f6nlicher Vorlieben, Interessen, Zuverl\u00e4ssigkeit, Verhalten, Aufenthaltsort oder Ortswechsel dieser nat\u00fcrlichen Person zu analysieren oder vorherzusagen. PseudonymisierungPseudonymisierung ist die Verarbeitung personenbezogener Daten in einer Weise, auf welche die personenbezogenen Daten ohne Hinzuziehung zus\u00e4tzlicher Informationen nicht mehr einer spezifischen betroffenen Person zugeordnet werden k\u00f6nnen, sofern diese zus\u00e4tzlichen Informationen gesondert aufbewahrt werden und technischen und organisatorischen Ma\u00dfnahmen unterliegen, die gew\u00e4hrleisten, dass die personenbezogenen Daten nicht einer identifizierten oder identifizierbaren nat\u00fcrlichen Person zugewiesen werden. AuftragsverarbeiterAuftragsverarbeiter ist eine nat\u00fcrliche oder juristische Person, Beh\u00f6rde, Einrichtung oder andere Stelle, die personenbezogene Daten im Auftrag des Verantwortlichen verarbeitet. Empf\u00e4ngerEmpf\u00e4nger ist eine nat\u00fcrliche oder juristische Person, Beh\u00f6rde, Einrichtung oder andere Stelle, der personenbezogene Daten offengelegt werden, unabh\u00e4ngig davon, ob es sich bei ihr um einen Dritten handelt oder nicht. Beh\u00f6rden, die im Rahmen eines bestimmten Untersuchungsauftrags nach dem Unionsrecht oder dem Recht der Mitgliedstaaten m\u00f6glicherweise personenbezogene Daten erhalten, gelten jedoch nicht als Empf\u00e4nger. DritterDritter ist eine nat\u00fcrliche oder juristische Person, Beh\u00f6rde, Einrichtung oder andere Stelle au\u00dfer der betroffenen Person, dem Verantwortlichen, dem Auftragsverarbeiter und den Personen, die unter der unmittelbaren Verantwortung des Verantwortlichen oder des Auftragsverarbeiters befugt sind, die personenbezogenen Daten zu verarbeiten. EinwilligungEinwilligung ist jede von der betroffenen Person freiwillig f\u00fcr den bestimmten Fall in informierter Weise und unmissverst\u00e4ndlich abgegebene Willensbekundung in Form einer Erkl\u00e4rung oder einer sonstigen eindeutigen best\u00e4tigenden Handlung, mit der die betroffene Person zu verstehen gibt, dass Sie mit der Verarbeitung der Sie betreffenden personenbezogenen Daten einverstanden ist. 5. Rechtsgrundlage der Verarbeitung Art. 6 Abs. 1 lit. a DS-GVO (i.V.m. \u00a7 15 Abs. 3 TMG) dient unserem Unternehmen als Rechtsgrundlage f\u00fcr Verarbeitungsvorg\u00e4nge, bei denen wir eine Einwilligung f\u00fcr einen bestimmten Verarbeitungszweck einholen. Ist die Verarbeitung personenbezogener Daten zur Erf\u00fcllung eines Vertrags, dessen Vertragspartei Sie sind, erforderlich, wie dies beispielsweise bei Verarbeitungsvorg\u00e4ngen der Fall ist, die f\u00fcr eine Lieferung von Waren oder die Erbringung einer sonstigen Leistung oder Gegenleistung notwendig sind, so beruht die Verarbeitung auf Art. 6 Abs. 1 lit. b DS-GVO. Gleiches gilt f\u00fcr solche Verarbeitungsvorg\u00e4nge die zur Durchf\u00fchrung vorvertraglicher Ma\u00dfnahmen erforderlich sind, etwa in F\u00e4llen von Anfragen zu unseren Produkten oder Leistungen. Unterliegt unser Unternehmen einer rechtlichen Verpflichtung durch welche eine Verarbeitung von personenbezogenen Daten erforderlich wird, wie beispielsweise zur Erf\u00fcllung steuerlicher Pflichten, so basiert die Verarbeitung auf Art. 6 Abs. 1 lit. c DS-GVO. In seltenen F\u00e4llen k\u00f6nnte die Verarbeitung von personenbezogenen Daten erforderlich werden, um lebenswichtige Interessen der betroffenen Person oder einer anderen nat\u00fcrlichen Person zu sch\u00fctzen. Dies w\u00e4re beispielsweise der Fall, wenn ein Besucher in unserem Betrieb verletzt werden w\u00fcrde und daraufhin sein Name, sein Alter, seine Krankenkassendaten oder sonstige lebenswichtige Informationen an einen Arzt, ein Krankenhaus oder sonstige Dritte weitergegeben werden m\u00fcssten. Dann w\u00fcrde die Verarbeitung auf Art. 6 Abs. 1 lit. d DS-GVO beruhen. Letztlich k\u00f6nnten Verarbeitungsvorg\u00e4nge auf Art. 6 Abs. 1 lit. f DS-GVO beruhen. Auf dieser Rechtsgrundlage basieren Verarbeitungsvorg\u00e4nge, die von<\/p>","protected":false},"author":1,"featured_media":0,"parent":0,"menu_order":0,"comment_status":"closed","ping_status":"closed","template":"elementor_header_footer","meta":{"footnotes":""},"class_list":["post-54","page","type-page","status-publish","hentry"],"_links":{"self":[{"href":"https:\/\/kolbensattel-im-sommer.de\/en\/wp-json\/wp\/v2\/pages\/54","targetHints":{"allow":["GET"]}}],"collection":[{"href":"https:\/\/kolbensattel-im-sommer.de\/en\/wp-json\/wp\/v2\/pages"}],"about":[{"href":"https:\/\/kolbensattel-im-sommer.de\/en\/wp-json\/wp\/v2\/types\/page"}],"author":[{"embeddable":true,"href":"https:\/\/kolbensattel-im-sommer.de\/en\/wp-json\/wp\/v2\/users\/1"}],"replies":[{"embeddable":true,"href":"https:\/\/kolbensattel-im-sommer.de\/en\/wp-json\/wp\/v2\/comments?post=54"}],"version-history":[{"count":4,"href":"https:\/\/kolbensattel-im-sommer.de\/en\/wp-json\/wp\/v2\/pages\/54\/revisions"}],"predecessor-version":[{"id":114,"href":"https:\/\/kolbensattel-im-sommer.de\/en\/wp-json\/wp\/v2\/pages\/54\/revisions\/114"}],"wp:attachment":[{"href":"https:\/\/kolbensattel-im-sommer.de\/en\/wp-json\/wp\/v2\/media?parent=54"}],"curies":[{"name":"wp","href":"https:\/\/api.w.org\/{rel}","templated":true}]}}